{"id":663,"date":"2023-08-01T20:52:33","date_gmt":"2023-08-01T23:52:33","guid":{"rendered":"https:\/\/ranierequirino.com\/?page_id=663"},"modified":"2023-08-01T21:00:39","modified_gmt":"2023-08-02T00:00:39","slug":"classificacao-3","status":"publish","type":"page","link":"https:\/\/ranierequirino.com\/index.php\/classificacao-3\/","title":{"rendered":"Classifica\u00e7\u00e3o 3"},"content":{"rendered":"\t\t<div data-elementor-type=\"wp-page\" data-elementor-id=\"663\" class=\"elementor elementor-663\">\n\t\t\t\t\t\t<section class=\"elementor-section elementor-top-section elementor-element elementor-element-cff87d2 elementor-section-boxed elementor-section-height-default elementor-section-height-default\" data-id=\"cff87d2\" data-element_type=\"section\" data-settings=\"{&quot;background_background&quot;:&quot;classic&quot;}\">\n\t\t\t\t\t\t<div class=\"elementor-container elementor-column-gap-default\">\n\t\t\t\t\t<div class=\"elementor-column elementor-col-50 elementor-top-column elementor-element elementor-element-32ecdf6\" data-id=\"32ecdf6\" data-element_type=\"column\">\n\t\t\t<div class=\"elementor-widget-wrap elementor-element-populated\">\n\t\t\t\t\t\t<div class=\"elementor-element elementor-element-a41f5ab elementor-widget elementor-widget-image\" data-id=\"a41f5ab\" data-element_type=\"widget\" data-widget_type=\"image.default\">\n\t\t\t\t<div class=\"elementor-widget-container\">\n\t\t\t\t\t\t\t\t\t\t\t\t\t\t\t<img fetchpriority=\"high\" decoding=\"async\" width=\"500\" height=\"218\" src=\"https:\/\/ranierequirino.com\/wp-content\/uploads\/2023\/06\/2.png\" class=\"attachment-large size-large wp-image-42\" alt=\"\" srcset=\"https:\/\/ranierequirino.com\/wp-content\/uploads\/2023\/06\/2.png 500w, https:\/\/ranierequirino.com\/wp-content\/uploads\/2023\/06\/2-300x131.png 300w\" sizes=\"(max-width: 500px) 100vw, 500px\" \/>\t\t\t\t\t\t\t\t\t\t\t\t\t\t\t<\/div>\n\t\t\t\t<\/div>\n\t\t\t\t\t<\/div>\n\t\t<\/div>\n\t\t\t\t<div class=\"elementor-column elementor-col-50 elementor-top-column elementor-element elementor-element-ad1c207\" data-id=\"ad1c207\" data-element_type=\"column\">\n\t\t\t<div class=\"elementor-widget-wrap elementor-element-populated\">\n\t\t\t\t\t\t<div class=\"elementor-element elementor-element-9acd892 elementor-widget elementor-widget-image\" data-id=\"9acd892\" data-element_type=\"widget\" data-widget_type=\"image.default\">\n\t\t\t\t<div class=\"elementor-widget-container\">\n\t\t\t\t\t\t\t\t\t\t\t\t\t\t\t<img decoding=\"async\" width=\"1024\" height=\"477\" src=\"https:\/\/ranierequirino.com\/wp-content\/uploads\/2023\/06\/1-1024x477.png\" class=\"attachment-large size-large wp-image-35\" alt=\"\" srcset=\"https:\/\/ranierequirino.com\/wp-content\/uploads\/2023\/06\/1-1024x477.png 1024w, https:\/\/ranierequirino.com\/wp-content\/uploads\/2023\/06\/1-300x140.png 300w, https:\/\/ranierequirino.com\/wp-content\/uploads\/2023\/06\/1-768x358.png 768w, https:\/\/ranierequirino.com\/wp-content\/uploads\/2023\/06\/1-1536x716.png 1536w, https:\/\/ranierequirino.com\/wp-content\/uploads\/2023\/06\/1-2048x955.png 2048w\" sizes=\"(max-width: 1024px) 100vw, 1024px\" \/>\t\t\t\t\t\t\t\t\t\t\t\t\t\t\t<\/div>\n\t\t\t\t<\/div>\n\t\t\t\t\t<\/div>\n\t\t<\/div>\n\t\t\t\t\t<\/div>\n\t\t<\/section>\n\t\t\t\t<section class=\"elementor-section elementor-top-section elementor-element elementor-element-e4608af elementor-section-boxed elementor-section-height-default elementor-section-height-default\" data-id=\"e4608af\" data-element_type=\"section\" data-settings=\"{&quot;background_background&quot;:&quot;classic&quot;}\">\n\t\t\t\t\t\t<div class=\"elementor-container elementor-column-gap-default\">\n\t\t\t\t\t<div class=\"elementor-column elementor-col-100 elementor-top-column elementor-element elementor-element-0ef77d6\" data-id=\"0ef77d6\" data-element_type=\"column\">\n\t\t\t<div class=\"elementor-widget-wrap elementor-element-populated\">\n\t\t\t\t\t\t<div class=\"elementor-element elementor-element-22a5a59 elementor-widget elementor-widget-heading\" data-id=\"22a5a59\" data-element_type=\"widget\" data-widget_type=\"heading.default\">\n\t\t\t\t<div class=\"elementor-widget-container\">\n\t\t\t\t\t<h2 class=\"elementor-heading-title elementor-size-default\">Sa\u00fade feminina em primeiro lugar<\/h2>\t\t\t\t<\/div>\n\t\t\t\t<\/div>\n\t\t\t\t<div class=\"elementor-element elementor-element-35b62a3 elementor-widget elementor-widget-image\" data-id=\"35b62a3\" data-element_type=\"widget\" data-widget_type=\"image.default\">\n\t\t\t\t<div class=\"elementor-widget-container\">\n\t\t\t\t\t\t\t\t\t\t\t\t\t\t\t<img decoding=\"async\" width=\"1024\" height=\"683\" src=\"https:\/\/ranierequirino.com\/wp-content\/uploads\/2023\/06\/T9A7475-1024x683.jpg\" class=\"attachment-large size-large wp-image-194\" alt=\"\" srcset=\"https:\/\/ranierequirino.com\/wp-content\/uploads\/2023\/06\/T9A7475-1024x683.jpg 1024w, https:\/\/ranierequirino.com\/wp-content\/uploads\/2023\/06\/T9A7475-300x200.jpg 300w, https:\/\/ranierequirino.com\/wp-content\/uploads\/2023\/06\/T9A7475-768x512.jpg 768w, https:\/\/ranierequirino.com\/wp-content\/uploads\/2023\/06\/T9A7475-1536x1024.jpg 1536w, https:\/\/ranierequirino.com\/wp-content\/uploads\/2023\/06\/T9A7475-2048x1365.jpg 2048w\" sizes=\"(max-width: 1024px) 100vw, 1024px\" \/>\t\t\t\t\t\t\t\t\t\t\t\t\t\t\t<\/div>\n\t\t\t\t<\/div>\n\t\t\t\t<div class=\"elementor-element elementor-element-97180b0 elementor-widget elementor-widget-image\" data-id=\"97180b0\" data-element_type=\"widget\" data-settings=\"{&quot;_animation_mobile&quot;:&quot;zoomIn&quot;}\" data-widget_type=\"image.default\">\n\t\t\t\t<div class=\"elementor-widget-container\">\n\t\t\t\t\t\t\t\t\t\t\t\t\t\t\t<img loading=\"lazy\" decoding=\"async\" width=\"150\" height=\"150\" src=\"https:\/\/ranierequirino.com\/wp-content\/uploads\/2023\/06\/Design-sem-nome-4-150x150.png\" class=\"attachment-thumbnail size-thumbnail wp-image-129\" alt=\"\" srcset=\"https:\/\/ranierequirino.com\/wp-content\/uploads\/2023\/06\/Design-sem-nome-4-150x150.png 150w, https:\/\/ranierequirino.com\/wp-content\/uploads\/2023\/06\/Design-sem-nome-4-300x300.png 300w, https:\/\/ranierequirino.com\/wp-content\/uploads\/2023\/06\/Design-sem-nome-4-1024x1024.png 1024w, https:\/\/ranierequirino.com\/wp-content\/uploads\/2023\/06\/Design-sem-nome-4-768x768.png 768w, https:\/\/ranierequirino.com\/wp-content\/uploads\/2023\/06\/Design-sem-nome-4.png 1080w\" sizes=\"(max-width: 150px) 100vw, 150px\" \/>\t\t\t\t\t\t\t\t\t\t\t\t\t\t\t<\/div>\n\t\t\t\t<\/div>\n\t\t\t\t<div class=\"elementor-element elementor-element-6a71e22 elementor-widget elementor-widget-spacer\" data-id=\"6a71e22\" data-element_type=\"widget\" data-widget_type=\"spacer.default\">\n\t\t\t\t<div class=\"elementor-widget-container\">\n\t\t\t\t\t\t\t<div class=\"elementor-spacer\">\n\t\t\t<div class=\"elementor-spacer-inner\"><\/div>\n\t\t<\/div>\n\t\t\t\t\t\t<\/div>\n\t\t\t\t<\/div>\n\t\t\t\t\t<\/div>\n\t\t<\/div>\n\t\t\t\t\t<\/div>\n\t\t<\/section>\n\t\t\t\t<section class=\"elementor-section elementor-top-section elementor-element elementor-element-4ff4c28 elementor-section-boxed elementor-section-height-default elementor-section-height-default\" data-id=\"4ff4c28\" data-element_type=\"section\" data-settings=\"{&quot;background_background&quot;:&quot;classic&quot;}\">\n\t\t\t\t\t\t<div class=\"elementor-container elementor-column-gap-default\">\n\t\t\t\t\t<div class=\"elementor-column elementor-col-100 elementor-top-column elementor-element elementor-element-f4eb7e9\" data-id=\"f4eb7e9\" data-element_type=\"column\">\n\t\t\t<div class=\"elementor-widget-wrap elementor-element-populated\">\n\t\t\t\t\t\t<div class=\"elementor-element elementor-element-2ddd9d2 elementor-widget elementor-widget-heading\" data-id=\"2ddd9d2\" data-element_type=\"widget\" data-widget_type=\"heading.default\">\n\t\t\t\t<div class=\"elementor-widget-container\">\n\t\t\t\t\t<h2 class=\"elementor-heading-title elementor-size-default\">RELATO<\/h2>\t\t\t\t<\/div>\n\t\t\t\t<\/div>\n\t\t\t\t\t<\/div>\n\t\t<\/div>\n\t\t\t\t\t<\/div>\n\t\t<\/section>\n\t\t\t\t<section class=\"elementor-section elementor-top-section elementor-element elementor-element-2fac475 elementor-section-boxed elementor-section-height-default elementor-section-height-default\" data-id=\"2fac475\" data-element_type=\"section\" data-settings=\"{&quot;background_background&quot;:&quot;classic&quot;}\">\n\t\t\t\t\t\t<div class=\"elementor-container elementor-column-gap-default\">\n\t\t\t\t\t<div class=\"elementor-column elementor-col-33 elementor-top-column elementor-element elementor-element-e38529f\" data-id=\"e38529f\" data-element_type=\"column\">\n\t\t\t<div class=\"elementor-widget-wrap elementor-element-populated\">\n\t\t\t\t\t\t<div class=\"elementor-element elementor-element-0956958 elementor-widget elementor-widget-testimonial\" data-id=\"0956958\" data-element_type=\"widget\" data-widget_type=\"testimonial.default\">\n\t\t\t\t<div class=\"elementor-widget-container\">\n\t\t\t\t\t\t\t<div class=\"elementor-testimonial-wrapper\">\n\t\t\t\t\t\t\t<div class=\"elementor-testimonial-content\">Uma Hist\u00f3ria bonita sempre merece ser contada \ud83d\udc99\nViver e reviver esses dias de parto, foram muito intensos e ap\u00f3s 9 meses resolvi compartilhar pois para mim relatos s\u00e3o marcas da nossa hist\u00f3ria, nossa \u201ct\u00e3o nossa hist\u00f3ria\u201d, como sonhada ou muito longe disso, mas exatamente como deve ser para que possamos EVOLUIR, vamos l\u00e1:\n\nTudo \u201ccome\u00e7ou\u201d no dia 17\/02 (segunda), (38se e 5d) em consulta com meu obstetra Dr. Raniere Quirino, conversamos sobre indu\u00e7\u00e3o natural de parto (ch\u00e1s, movimentos, massagens, acupuntura, etc) pois sempre tive muito medo de precisar da \u201ct\u00e3o dolorosa\u201d indu\u00e7\u00e3o farmacol\u00f3gica (misoprostol, ocitocina, etc) na minha cabe\u00e7a, esses m\u00e9todos me trariam mais dor do que eu poderia suportar, (bobinha) ent\u00e3o embora eu n\u00e3o estivesse ansiosa, j\u00e1 queria muito que ele viesse naturalmente at\u00e9 as 40s, caso ele n\u00e3o viesse, aguardar sua chegada nas pr\u00f3ximas 2s me deixariam ansiosa devido a possibilidade de ter que induzir (meu medo inicial), eis que minha press\u00e3o arterial levantou a bandeira do alerta 14:10 e ele sugeriu no consult\u00f3rio naquela hora fazer a primeira indu\u00e7\u00e3o natural - mec\u00e2nica (descolamento de membrana) que dentre os m\u00e9todos naturais eu tb tinha medo da dor, mas aceitei fazer para n\u00e3o ter que ficar internada nem entrar nos m\u00e9todos de indu\u00e7\u00e3o. Para minha tristeza, s\u00f3 senti a dor e desconforto porque o colo ainda estava alto e posterior e por isso n\u00e3o valeria a pena fazer esse m\u00e9todo naquele momento. Fui pra casa com um prazo, se at\u00e9 sexta-feira ele n\u00e3o nascesse naturalmente, no s\u00e1bado eu teria q ser internada para come\u00e7ar o processo de indu\u00e7\u00e3o.\n\nNo dia 18\/02, (ter\u00e7a) busquei antecipar a USG para ver se estava tudo bem, e reavaliar a press\u00e3o, o beb\u00ea estava bem e a press\u00e3o s\u00f3 aumentava 15:10, ao comunicar ao meu obstetra ele disse q se continuasse assim teria q antecipar a interna\u00e7\u00e3o, a noite aferi novamente, 16:10, sabia que dessa vez ele iria pedir para eu me internar e assim ele fez, fomos em casa \u201caumentar as roupas na mala\u201d e seguir ao hospital, onde o meu m\u00e9dico come\u00e7ou a dar todas as orienta\u00e7\u00f5es do processo que \u00edamos come\u00e7ar para regular a press\u00e3o com sulfato de magn\u00e9sio e iniciar a indu\u00e7\u00e3o com comprimidos de misoprostol.\nPor necessidade de monitoramento constante precisei ficar 24h na UTI, o tempo custava passar e o colo do \u00fatero se mantenha firme, sem celular, sem televis\u00e3o, cheia de fios, acessos, uma sonda e somente com 1 livro tentei ocupar minha mente com boas ideias, pensamento positivo que tudo daria certo, e tamb\u00e9m tentei descansar, desacelerar e poupar energias para o trabalho de parto, n\u00e3o foi f\u00e1cil, estava s\u00f3, pois por uma decis\u00e3o durante a gesta\u00e7\u00e3o eu optei por n\u00e3o revelar a ningu\u00e9m quando fosse ao hospital para que as pessoas n\u00e3o ficassem preocupadas e para que eu n\u00e3o tivesse que me preocupar com o exterior, para que eu n\u00e3o fraquejasse em nenhuma etapa, pois um grande desafio, eu sempre tive medo do parto desde a inf\u00e2ncia, independente da via, eu sempre tive medo de morrer. E por esse medo, n\u00e3o compartilhei esse momento com ningu\u00e9m al\u00e9m de meu companheiro e a equipe de parto, recebi visitas da equipe, que me fortaleceu em cada etapa.\n\nNo dia 19\/02 (quarta feira) ainda na UTI durante todo dia, ganhei da minha amiga e doula, Geise Nascimento, alguns presentinhos que me animaram, papel, caneta e a minha pulseira do ch\u00e1 de b\u00ean\u00e7\u00e3os com contas de for\u00e7a e de coragem de um time forte de mulheres que fizeram parte de um dia \u00fanico e bem especial, nesse momento recebi uma energia surreal e passei aquela noite lembrando as palavras, e mensagens de encorajamento que minha m\u00e3e, minha tia-m\u00e3e, prima, sobrinhas, minha sogra e amigas me disseram, naquela noite renovei minha for\u00e7a, e parei de ler um pouco para escrever, inspirada nas lembran\u00e7as, fiz cartinhas para Enrico e de Enrico para o mundo, registrando os \u00faltimos sentimentos meu e dele enquanto est\u00e1vamos de corpos unidos.\n\nNo dia 20\/02 (quinta-feira) ap\u00f3s o tempo da sulfata\u00e7\u00e3o, gra\u00e7as a Deus minha press\u00e3o estava equilibrada e fui para a enfermaria continuar a indu\u00e7\u00e3o, e ap\u00f3s 9 comprimidos a evolu\u00e7\u00e3o era muito discreta.\nNo dia 21\/02 (sexta feira) meu obstetra sugeriu outro m\u00e9todo de indu\u00e7\u00e3o, a bomba de Foley, esse n\u00e3o tinha pesquisado \ud83d\ude30, ele me explicou todo processo e eu disse: vamos l\u00e1.\n\nAp\u00f3s o bal\u00e3o ser expelido, tomei um banho e me organizei para o trabalho de parto e quando sai j\u00e1 estavam l\u00e1 a doula Geise Nascimento e a fot\u00f3grafa maravilhosa Nathalia Monte, logo pensei, eita acho que agora vai come\u00e7ar n\u00e9, e come\u00e7ou, pouco tempo depois andando nos corredores comecei a sentir pequena contra\u00e7\u00f5es, que aos poucos elas iam ganhando consist\u00eancia e ritmo, meu marido providenciou a libera\u00e7\u00e3o da sala de parto e l\u00e1 fomos n\u00f3s, iniciamos nesse momento outro agente indutor, a famosa oxitocina que eu tanto temia, bola, chuveiro, rebolo, agachamento, cama, meu obstetra sugeriu um rompimento da bolsa, eu aceitei, senti aquele l\u00edquido aquecido e pensei, agora vai, bola, chuveiro, rebolo, agachamento, cama, e em um toque que a maravilhosa enfermeira obstetra Duanne fez ela perguntou se eu queria saber em quantos cm de dilata\u00e7\u00e3o estava ou n\u00e3o, preferi n\u00e3o saber, tive medo de n\u00e3o ter evolu\u00eddo tanto em meio a tanta dor que j\u00e1 estava sentindo e isso me bloquear de evoluir. Passando o tempo meu obstetra voltou vestido com uma roupa do hospital logo pensei, \u201cferrou tudo, ele vai me levar para o bloco cir\u00fargico\u201d (na hora fiquei triste mas n\u00e3o compartilhei isso com ningu\u00e9m) fra\u00e7\u00e3o de segundo relembrei o quanto eu confiava nele, e se fosse necess\u00e1rio eu deveria ir sem tristeza, gra\u00e7as a Deus a roupa era somente devido ao calor da sala e ele veio com palavras doces me dizendo que estava evoluindo bem.\n\nAp\u00f3s a dor se intensificar pedi para entrar na banheira, como o processo estava sendo longo minhas for\u00e7as estavam se esgotando, mas eu sabia que a necessidade de dar meu m\u00e1ximo de for\u00e7a ainda estava por vir, a cada contra\u00e7\u00e3o eu chamava pelo meu filho que estava t\u00e3o bem na casinha dele que n\u00e3o queria sair, nessa hora bateu cansa\u00e7o, medo, enfim eu s\u00f3 pensava em seguir, pedindo for\u00e7as a nossa senhora, l\u00e1 eu estava a maior parte do tempo de olhos fechados, era como se eu estivesse sozinha ali, bem na partol\u00e2ndia, quando vinha contra\u00e7\u00e3o pensava a\u00ed mais uma, escutei uma voz (minha doula), que me disse, as contra\u00e7\u00f5es est\u00e3o trazendo seu filho para seus bra\u00e7os cada contra\u00e7\u00e3o \u00e9 menos uma, daqui a pouco ele estar\u00e1 aqui fora.\n\nTotalmente conectada com meu interior em algum momento abri os olhos e vi a pediatra neonatal maravilhosa Dra. Wanessa Ramalho, pensei: \u201copaaa t\u00e1 perto\u201d (sabia q quando a pediatra aparece \u00e9 pq t\u00e1 perto do momento do nascimento do beb\u00ea) as aferi\u00e7\u00f5es do cora\u00e7\u00e3ozinho dele aumentavam, as contra\u00e7\u00f5es tamb\u00e9m quando comecei a sentir a famosa vontade de fazer for\u00e7a, eu estava bem exausta e tivemos mais um momento marcante em nossa hist\u00f3ria, perdi a for\u00e7a at\u00e9 para respirar, quando meu m\u00e9dico falou: \u201cvoc\u00ea precisa respirar\u201d e minha doula olhou nos meus olhos e disse: \u201cvoc\u00ea precisa respirar bem, pois ele ainda depende de voc\u00ea para isso, ele est\u00e1 respirando atrav\u00e9s de voc\u00ea\u201d, ao ouvir aquilo, mesmo sem for\u00e7a alguma dei um suspiro bem forte, buscando todo ar poss\u00edvel para que meu filho se mantivesse bem.\nEu sabia onde estava, estava no expulsivo, e n\u00e3o pensava mais em tempo, n\u00e3o pensava em nada, somente em me manter bem para q ele estivesse bem, quando meu m\u00e9dico disse que j\u00e1 dava pra ver e sentir a cabe\u00e7a dele, eu havia dito em consulta que gostaria que Rodrigo fosse o primeiro a pegar meu filho no colo e me desse em seguida e meu m\u00e9dico perguntou se naquele momento quer\u00edamos nos posicionar para isso, mas Rodrigo estava atr\u00e1s de mim e me abra\u00e7ava e eu n\u00e3o queria sair daquele abra\u00e7o, mudei o plano, pedi para meu m\u00e9dico pegar e nos dar em seguida, as contra\u00e7\u00f5es vinham e a evolu\u00e7\u00e3o era pouca, quando ele perguntou se eu queria q ajuda com um toque na hora da contra\u00e7\u00e3o, disse q sim, e assim foi at\u00e9 a sa\u00edda da cabe\u00e7a do meu filho que aconteceu em 2 contra\u00e7\u00f5es senti o c\u00edrculo de fogo e \u00e9 exatamente como o termo diz ou como um abacaxi como uma grande amiga me descreveu uma vez, ele estava de fato vindo agora com a sa\u00edda da cabe\u00e7a eu estava sentindo, ele estava enla\u00e7ado, e o m\u00e9dico come\u00e7ou a avaliar a pulsa\u00e7\u00e3o do cora\u00e7\u00e3o pelo cord\u00e3o, eu exausta sem for\u00e7a, esperando a pr\u00f3xima contra\u00e7\u00e3o para enfim pegar meu filho no colo, da\u00ed em diante, foi tudo muito r\u00e1pido, muito m\u00e1gico, muito lindo, mais uma contra\u00e7\u00e3o enfim meu sonho se tornaria realidade, na melodia \u201cAinda bem\u201d de Marisa Monte, meu amor virou gente, e estava ali, nos meus bra\u00e7os.\n\nEu n\u00e3o percebi na hora, mas meu marido vivenciou uns segundos de super tens\u00e3o quando pegamos Enrico no colo, ali durante o final expulsivo ele viu a preocupa\u00e7\u00e3o da equipe m\u00e9dica ao perceber que os batimentos do nosso filho estava diminuindo pela demora na sa\u00edda total de Enrico, ele n\u00e3o chorou de imediato, e o nosso medico entregou ele pra gente aferindo a pulsa\u00e7\u00e3o e fazendo massagem com os dedos no peito dele, em fra\u00e7\u00e3o de segundo meu marido viu a preocupa\u00e7\u00e3o da pediatra se aproximando para pegar caso fosse necess\u00e1rio, e nosso obstetra fazendo sinal de que estava tudo bem, mas meu marido continuou tenso at\u00e9 ouvir o choro, um sinal de vida e um gesto de que estava tudo realmente bem. E assim no segundo seguinte tudo aconteceu, ele chorou, em cima do meu ventre, onde por todo tempo ele t\u00e3o bem conhecia como sua morada, eu n\u00e3o lembro o que eu disse, estava mergulhada totalmente naquele momento, que finalmente gra\u00e7as a Deus e a natureza aconteceu como sonhamos, com nossa m\u00fasica, a meia luz, cercado de cuidados por uma equipe maravilhosa de profissionais altamente competentes os quais teremos eterna gratid\u00e3o, me atentei em ver cada detalhe, achei ele lindo de imediato, o mais lindo que j\u00e1 vi, com olhos aboticados, um pouco vermelhos ao ouvir nossa voz ele olhou pra cima procurando conhecer tamb\u00e9m a voz que ele tanto ouvia na vida uterina, foi muito emocionante esse encontro, o mais lindo encontro que j\u00e1 vivi, ali vi Deus, no toque, na m\u00e3ozinha com unhas grandes que agarrava meu dedo, no cheiro do verniz que encobria seu corpo.\nO papai muito emocionado, fez o corte do cord\u00e3o umbilical pronunciando um lindo juramento, desligando nosso la\u00e7o para que todos n\u00f3s pud\u00e9ssemos nascer juntos, ali nasceu nosso filho Enrico, no dia 22\/02, 39s e 3d (s\u00e1bado de carnaval \u2013 nos fazendo viver o maior bloco de nossas vidas) as 03:41, com 3.370kg e 49cm com muita sa\u00fade e perfeitas condi\u00e7\u00f5es, eu nasci como m\u00e3e, meu esposo nasceu como pai e assim nasceu nossa fam\u00edlia, um momento \u00fanico e marcante para sempre em nossas vidas, nesse momento me senti a mulher forte e mais feliz do mundo.<\/div>\n\t\t\t\n\t\t\t\t\t\t<div class=\"elementor-testimonial-meta elementor-has-image elementor-testimonial-image-position-aside\">\n\t\t\t\t<div class=\"elementor-testimonial-meta-inner\">\n\t\t\t\t\t\t\t\t\t\t\t<div class=\"elementor-testimonial-image\">\n\t\t\t\t\t\t\t<img loading=\"lazy\" decoding=\"async\" width=\"2560\" height=\"1709\" src=\"https:\/\/ranierequirino.com\/wp-content\/uploads\/2023\/07\/64c1920acee13-scaled.jpg\" class=\"attachment-full size-full wp-image-649\" alt=\"\" srcset=\"https:\/\/ranierequirino.com\/wp-content\/uploads\/2023\/07\/64c1920acee13-scaled.jpg 2560w, https:\/\/ranierequirino.com\/wp-content\/uploads\/2023\/07\/64c1920acee13-300x200.jpg 300w, https:\/\/ranierequirino.com\/wp-content\/uploads\/2023\/07\/64c1920acee13-1024x684.jpg 1024w, https:\/\/ranierequirino.com\/wp-content\/uploads\/2023\/07\/64c1920acee13-768x513.jpg 768w, https:\/\/ranierequirino.com\/wp-content\/uploads\/2023\/07\/64c1920acee13-1536x1025.jpg 1536w, https:\/\/ranierequirino.com\/wp-content\/uploads\/2023\/07\/64c1920acee13-2048x1367.jpg 2048w\" sizes=\"(max-width: 2560px) 100vw, 2560px\" \/>\t\t\t\t\t\t<\/div>\n\t\t\t\t\t\n\t\t\t\t\t\t\t\t\t\t<div class=\"elementor-testimonial-details\">\n\t\t\t\t\t\t\t\t\t\t\t\t\t\t<div class=\"elementor-testimonial-name\">J\u00e9ssica Santos<\/div>\n\t\t\t\t\t\t\t\t\t\t\t\t\t\t\t\t\t\t\t<\/div>\n\t\t\t\t\t\t\t\t\t<\/div>\n\t\t\t<\/div>\n\t\t\t\t\t<\/div>\n\t\t\t\t\t\t<\/div>\n\t\t\t\t<\/div>\n\t\t\t\t\t<\/div>\n\t\t<\/div>\n\t\t\t\t<div class=\"elementor-column elementor-col-33 elementor-top-column elementor-element elementor-element-37e0d3b\" data-id=\"37e0d3b\" data-element_type=\"column\">\n\t\t\t<div class=\"elementor-widget-wrap\">\n\t\t\t\t\t\t\t<\/div>\n\t\t<\/div>\n\t\t\t\t<div class=\"elementor-column elementor-col-33 elementor-top-column elementor-element elementor-element-aac91d2\" data-id=\"aac91d2\" data-element_type=\"column\">\n\t\t\t<div class=\"elementor-widget-wrap\">\n\t\t\t\t\t\t\t<\/div>\n\t\t<\/div>\n\t\t\t\t\t<\/div>\n\t\t<\/section>\n\t\t\t\t<\/div>\n\t\t","protected":false},"excerpt":{"rendered":"<p>Sa\u00fade feminina em primeiro lugar RELATO Uma Hist\u00f3ria bonita sempre merece ser contada \ud83d\udc99 Viver e reviver esses dias de parto, foram muito intensos e ap\u00f3s 9 meses resolvi compartilhar pois para mim relatos s\u00e3o marcas da nossa hist\u00f3ria, nossa \u201ct\u00e3o nossa hist\u00f3ria\u201d, como sonhada ou muito longe disso, mas exatamente como deve ser para [&hellip;]<\/p>\n","protected":false},"author":1,"featured_media":0,"parent":0,"menu_order":0,"comment_status":"closed","ping_status":"closed","template":"elementor_canvas","meta":{"footnotes":""},"class_list":["post-663","page","type-page","status-publish","hentry"],"_links":{"self":[{"href":"https:\/\/ranierequirino.com\/index.php\/wp-json\/wp\/v2\/pages\/663"}],"collection":[{"href":"https:\/\/ranierequirino.com\/index.php\/wp-json\/wp\/v2\/pages"}],"about":[{"href":"https:\/\/ranierequirino.com\/index.php\/wp-json\/wp\/v2\/types\/page"}],"author":[{"embeddable":true,"href":"https:\/\/ranierequirino.com\/index.php\/wp-json\/wp\/v2\/users\/1"}],"replies":[{"embeddable":true,"href":"https:\/\/ranierequirino.com\/index.php\/wp-json\/wp\/v2\/comments?post=663"}],"version-history":[{"count":13,"href":"https:\/\/ranierequirino.com\/index.php\/wp-json\/wp\/v2\/pages\/663\/revisions"}],"predecessor-version":[{"id":682,"href":"https:\/\/ranierequirino.com\/index.php\/wp-json\/wp\/v2\/pages\/663\/revisions\/682"}],"wp:attachment":[{"href":"https:\/\/ranierequirino.com\/index.php\/wp-json\/wp\/v2\/media?parent=663"}],"curies":[{"name":"wp","href":"https:\/\/api.w.org\/{rel}","templated":true}]}}